{"id":2251,"date":"2022-05-12T12:38:18","date_gmt":"2022-05-12T15:38:18","guid":{"rendered":"https:\/\/amebs.org.ar\/2020\/?page_id=2251"},"modified":"2026-04-28T11:51:16","modified_gmt":"2026-04-28T14:51:16","slug":"turismo-amebs","status":"publish","type":"page","link":"https:\/\/amebs.org.ar\/2020\/turismo-amebs\/","title":{"rendered":"Turismo Amebs"},"content":{"rendered":"\t\t<div data-elementor-type=\"wp-page\" data-elementor-id=\"2251\" class=\"elementor elementor-2251\" data-elementor-post-type=\"page\">\n\t\t\t\t\t\t<section class=\"elementor-section elementor-top-section elementor-element elementor-element-2571036 elementor-section-stretched elementor-section-height-min-height elementor-section-boxed elementor-section-height-default elementor-section-items-middle\" data-id=\"2571036\" data-element_type=\"section\" data-settings=\"{&quot;stretch_section&quot;:&quot;section-stretched&quot;,&quot;background_background&quot;:&quot;classic&quot;,&quot;background_motion_fx_motion_fx_scrolling&quot;:&quot;yes&quot;,&quot;background_motion_fx_translateY_effect&quot;:&quot;yes&quot;,&quot;background_motion_fx_translateY_direction&quot;:&quot;negative&quot;,&quot;background_motion_fx_translateY_speed&quot;:{&quot;unit&quot;:&quot;px&quot;,&quot;size&quot;:4,&quot;sizes&quot;:[]},&quot;background_motion_fx_translateY_affectedRange&quot;:{&quot;unit&quot;:&quot;%&quot;,&quot;size&quot;:&quot;&quot;,&quot;sizes&quot;:{&quot;start&quot;:0,&quot;end&quot;:100}},&quot;background_motion_fx_devices&quot;:[&quot;desktop&quot;,&quot;tablet&quot;,&quot;mobile&quot;]}\">\n\t\t\t\t\t\t<div class=\"elementor-container elementor-column-gap-default\">\n\t\t\t\t\t<div class=\"elementor-column elementor-col-100 elementor-top-column elementor-element elementor-element-a63b573\" data-id=\"a63b573\" data-element_type=\"column\">\n\t\t\t<div class=\"elementor-widget-wrap elementor-element-populated\">\n\t\t\t\t\t\t<div class=\"elementor-element elementor-element-d185129 elementor-widget elementor-widget-heading\" data-id=\"d185129\" data-element_type=\"widget\" data-widget_type=\"heading.default\">\n\t\t\t\t<div class=\"elementor-widget-container\">\n\t\t\t<h1 class=\"elementor-heading-title elementor-size-default\">Los mejores destinos,\nSalidas Grupales, Hoteler\u00eda,\nPaquetes a medida.<\/h1>\t\t<\/div>\n\t\t\t\t<\/div>\n\t\t\t\t<div class=\"elementor-element elementor-element-f152811 elementor-widget elementor-widget-heading\" data-id=\"f152811\" data-element_type=\"widget\" data-widget_type=\"heading.default\">\n\t\t\t\t<div class=\"elementor-widget-container\">\n\t\t\t<h1 class=\"elementor-heading-title elementor-size-default\">y como siempre\nla mejor financiaci\u00f3n.<\/h1>\t\t<\/div>\n\t\t\t\t<\/div>\n\t\t\t\t<div class=\"elementor-element elementor-element-11126f9 elementor-widget elementor-widget-heading\" data-id=\"11126f9\" data-element_type=\"widget\" data-widget_type=\"heading.default\">\n\t\t\t\t<div class=\"elementor-widget-container\">\n\t\t\t<h1 class=\"elementor-heading-title elementor-size-default\">\u00bfD\u00f3nde quer\u00e9s ir?<\/h1>\t\t<\/div>\n\t\t\t\t<\/div>\n\t\t\t\t\t<\/div>\n\t\t<\/div>\n\t\t\t\t\t<\/div>\n\t\t<\/section>\n\t\t\t\t<section class=\"elementor-section elementor-top-section elementor-element elementor-element-29a2b1b elementor-section-boxed elementor-section-height-default elementor-section-height-default\" data-id=\"29a2b1b\" data-element_type=\"section\">\n\t\t\t\t\t\t<div class=\"elementor-container elementor-column-gap-default\">\n\t\t\t\t\t<div class=\"elementor-column elementor-col-100 elementor-top-column elementor-element elementor-element-3d15538\" data-id=\"3d15538\" data-element_type=\"column\">\n\t\t\t<div class=\"elementor-widget-wrap elementor-element-populated\">\n\t\t\t\t\t\t<div class=\"elementor-element elementor-element-66cf498 elementor-widget elementor-widget-spacer\" data-id=\"66cf498\" data-element_type=\"widget\" data-widget_type=\"spacer.default\">\n\t\t\t\t<div class=\"elementor-widget-container\">\n\t\t\t\t\t<div class=\"elementor-spacer\">\n\t\t\t<div class=\"elementor-spacer-inner\"><\/div>\n\t\t<\/div>\n\t\t\t\t<\/div>\n\t\t\t\t<\/div>\n\t\t\t\t\t<\/div>\n\t\t<\/div>\n\t\t\t\t\t<\/div>\n\t\t<\/section>\n\t\t\t\t<section class=\"elementor-section elementor-top-section elementor-element elementor-element-36fb299 elementor-section-boxed elementor-section-height-default elementor-section-height-default\" data-id=\"36fb299\" data-element_type=\"section\" data-settings=\"{&quot;background_background&quot;:&quot;classic&quot;}\">\n\t\t\t\t\t\t<div class=\"elementor-container elementor-column-gap-default\">\n\t\t\t\t\t<div class=\"elementor-column elementor-col-100 elementor-top-column elementor-element elementor-element-521c650\" data-id=\"521c650\" data-element_type=\"column\">\n\t\t\t<div class=\"elementor-widget-wrap elementor-element-populated\">\n\t\t\t\t\t\t<div class=\"elementor-element elementor-element-7a6434c elementor-align-center elementor-widget elementor-widget-button\" data-id=\"7a6434c\" data-element_type=\"widget\" data-widget_type=\"button.default\">\n\t\t\t\t<div class=\"elementor-widget-container\">\n\t\t\t\t\t<div class=\"elementor-button-wrapper\">\n\t\t\t<a class=\"elementor-button elementor-button-link elementor-size-lg\" href=\"https:\/\/amebs.org.ar\/2020\/creditos-turismo\/\">\n\t\t\t\t\t\t<span class=\"elementor-button-content-wrapper\">\n\t\t\t\t\t\t\t\t\t<span class=\"elementor-button-text\">Gestion\u00e1 tu cr\u00e9dito para Turismo aqu\u00ed<\/span>\n\t\t\t\t\t<\/span>\n\t\t\t\t\t<\/a>\n\t\t<\/div>\n\t\t\t\t<\/div>\n\t\t\t\t<\/div>\n\t\t\t\t\t<\/div>\n\t\t<\/div>\n\t\t\t\t\t<\/div>\n\t\t<\/section>\n\t\t\t\t<section class=\"elementor-section elementor-top-section elementor-element elementor-element-9851c53 elementor-section-boxed elementor-section-height-default elementor-section-height-default\" data-id=\"9851c53\" data-element_type=\"section\">\n\t\t\t\t\t\t<div class=\"elementor-container elementor-column-gap-default\">\n\t\t\t\t\t<div class=\"elementor-column elementor-col-100 elementor-top-column elementor-element elementor-element-1a43ddf\" data-id=\"1a43ddf\" data-element_type=\"column\">\n\t\t\t<div class=\"elementor-widget-wrap elementor-element-populated\">\n\t\t\t\t\t\t<div class=\"elementor-element elementor-element-97d7166 elementor-widget elementor-widget-spacer\" data-id=\"97d7166\" data-element_type=\"widget\" data-widget_type=\"spacer.default\">\n\t\t\t\t<div class=\"elementor-widget-container\">\n\t\t\t\t\t<div class=\"elementor-spacer\">\n\t\t\t<div class=\"elementor-spacer-inner\"><\/div>\n\t\t<\/div>\n\t\t\t\t<\/div>\n\t\t\t\t<\/div>\n\t\t\t\t\t<\/div>\n\t\t<\/div>\n\t\t\t\t\t<\/div>\n\t\t<\/section>\n\t\t\t\t<section class=\"elementor-section elementor-top-section elementor-element elementor-element-4ab7908 elementor-section-boxed elementor-section-height-default elementor-section-height-default\" data-id=\"4ab7908\" data-element_type=\"section\">\n\t\t\t\t\t\t<div class=\"elementor-container elementor-column-gap-default\">\n\t\t\t\t\t<div class=\"elementor-column elementor-col-100 elementor-top-column elementor-element elementor-element-d888ab6\" data-id=\"d888ab6\" data-element_type=\"column\">\n\t\t\t<div class=\"elementor-widget-wrap elementor-element-populated\">\n\t\t\t\t\t\t<div class=\"elementor-element elementor-element-1666722 elementor-widget elementor-widget-heading\" data-id=\"1666722\" data-element_type=\"widget\" data-widget_type=\"heading.default\">\n\t\t\t\t<div class=\"elementor-widget-container\">\n\t\t\t<h2 class=\"elementor-heading-title elementor-size-default\">Etiquetanos en tus viajes con <b>AMEBS Turismo<\/b> y gan\u00e1 m\u00e1s beneficios - <b>@amebs_turismo<\/b><\/h2>\t\t<\/div>\n\t\t\t\t<\/div>\n\t\t\t\t\t<\/div>\n\t\t<\/div>\n\t\t\t\t\t<\/div>\n\t\t<\/section>\n\t\t\t\t<section class=\"elementor-section elementor-top-section elementor-element elementor-element-a1ae896 elementor-section-boxed elementor-section-height-default elementor-section-height-default\" data-id=\"a1ae896\" data-element_type=\"section\">\n\t\t\t\t\t\t<div class=\"elementor-container elementor-column-gap-default\">\n\t\t\t\t\t<div class=\"elementor-column elementor-col-100 elementor-top-column elementor-element elementor-element-8553af8\" data-id=\"8553af8\" data-element_type=\"column\">\n\t\t\t<div class=\"elementor-widget-wrap elementor-element-populated\">\n\t\t\t\t\t\t<div class=\"elementor-element elementor-element-da80cfb elementor-shape-rounded elementor-grid-0 e-grid-align-center elementor-widget elementor-widget-social-icons\" data-id=\"da80cfb\" data-element_type=\"widget\" data-widget_type=\"social-icons.default\">\n\t\t\t\t<div class=\"elementor-widget-container\">\n\t\t\t\t\t<div class=\"elementor-social-icons-wrapper elementor-grid\">\n\t\t\t\t\t\t\t<span class=\"elementor-grid-item\">\n\t\t\t\t\t<a class=\"elementor-icon elementor-social-icon elementor-social-icon-facebook elementor-repeater-item-b19a198\" href=\"https:\/\/www.facebook.com\/AMEBSturismo\/\" target=\"_blank\">\n\t\t\t\t\t\t<span class=\"elementor-screen-only\">Facebook<\/span>\n\t\t\t\t\t\t<i class=\"fab fa-facebook\"><\/i>\t\t\t\t\t<\/a>\n\t\t\t\t<\/span>\n\t\t\t\t\t\t\t<span class=\"elementor-grid-item\">\n\t\t\t\t\t<a class=\"elementor-icon elementor-social-icon elementor-social-icon-instagram elementor-repeater-item-9858b5e\" href=\"https:\/\/www.instagram.com\/amebs_turismo\/?hl=es\" target=\"_blank\">\n\t\t\t\t\t\t<span class=\"elementor-screen-only\">Instagram<\/span>\n\t\t\t\t\t\t<i class=\"fab fa-instagram\"><\/i>\t\t\t\t\t<\/a>\n\t\t\t\t<\/span>\n\t\t\t\t\t<\/div>\n\t\t\t\t<\/div>\n\t\t\t\t<\/div>\n\t\t\t\t\t<\/div>\n\t\t<\/div>\n\t\t\t\t\t<\/div>\n\t\t<\/section>\n\t\t\t\t<section class=\"elementor-section elementor-top-section elementor-element elementor-element-d3f622f elementor-section-boxed elementor-section-height-default elementor-section-height-default\" data-id=\"d3f622f\" data-element_type=\"section\">\n\t\t\t\t\t\t<div class=\"elementor-container elementor-column-gap-default\">\n\t\t\t\t\t<div class=\"elementor-column elementor-col-100 elementor-top-column elementor-element elementor-element-b63af8a\" data-id=\"b63af8a\" data-element_type=\"column\">\n\t\t\t<div class=\"elementor-widget-wrap elementor-element-populated\">\n\t\t\t\t\t\t<div class=\"elementor-element elementor-element-37f546c elementor-widget elementor-widget-spacer\" data-id=\"37f546c\" data-element_type=\"widget\" data-widget_type=\"spacer.default\">\n\t\t\t\t<div class=\"elementor-widget-container\">\n\t\t\t\t\t<div class=\"elementor-spacer\">\n\t\t\t<div class=\"elementor-spacer-inner\"><\/div>\n\t\t<\/div>\n\t\t\t\t<\/div>\n\t\t\t\t<\/div>\n\t\t\t\t\t<\/div>\n\t\t<\/div>\n\t\t\t\t\t<\/div>\n\t\t<\/section>\n\t\t\t\t<section class=\"elementor-section elementor-top-section elementor-element elementor-element-367ff9e elementor-section-boxed elementor-section-height-default elementor-section-height-default\" data-id=\"367ff9e\" data-element_type=\"section\">\n\t\t\t\t\t\t<div class=\"elementor-container elementor-column-gap-default\">\n\t\t\t\t\t<div class=\"elementor-column elementor-col-100 elementor-top-column elementor-element elementor-element-d55e99d\" data-id=\"d55e99d\" data-element_type=\"column\">\n\t\t\t<div class=\"elementor-widget-wrap elementor-element-populated\">\n\t\t\t\t\t\t<div class=\"elementor-element elementor-element-016773c elementor-widget elementor-widget-heading\" data-id=\"016773c\" data-element_type=\"widget\" data-widget_type=\"heading.default\">\n\t\t\t\t<div class=\"elementor-widget-container\">\n\t\t\t<h2 class=\"elementor-heading-title elementor-size-default\">Comunicate a nuestro whatsapp de Turismo<\/h2>\t\t<\/div>\n\t\t\t\t<\/div>\n\t\t\t\t\t<\/div>\n\t\t<\/div>\n\t\t\t\t\t<\/div>\n\t\t<\/section>\n\t\t\t\t<section class=\"elementor-section elementor-top-section elementor-element elementor-element-9b6858a elementor-section-boxed elementor-section-height-default elementor-section-height-default\" data-id=\"9b6858a\" data-element_type=\"section\">\n\t\t\t\t\t\t<div class=\"elementor-container elementor-column-gap-default\">\n\t\t\t\t\t<div class=\"elementor-column elementor-col-100 elementor-top-column elementor-element elementor-element-3ce0772\" data-id=\"3ce0772\" data-element_type=\"column\">\n\t\t\t<div class=\"elementor-widget-wrap elementor-element-populated\">\n\t\t\t\t\t\t<div class=\"elementor-element elementor-element-0ed08e5 elementor-view-default elementor-widget elementor-widget-icon\" data-id=\"0ed08e5\" data-element_type=\"widget\" data-widget_type=\"icon.default\">\n\t\t\t\t<div class=\"elementor-widget-container\">\n\t\t\t\t\t<div class=\"elementor-icon-wrapper\">\n\t\t\t<a class=\"elementor-icon\" href=\"https:\/\/wa.me\/+5492216168495\">\n\t\t\t<i aria-hidden=\"true\" class=\"fab fa-whatsapp-square\"><\/i>\t\t\t<\/a>\n\t\t<\/div>\n\t\t\t\t<\/div>\n\t\t\t\t<\/div>\n\t\t\t\t\t<\/div>\n\t\t<\/div>\n\t\t\t\t\t<\/div>\n\t\t<\/section>\n\t\t\t\t<section class=\"elementor-section elementor-top-section elementor-element elementor-element-cc30117 elementor-section-boxed elementor-section-height-default elementor-section-height-default\" data-id=\"cc30117\" data-element_type=\"section\">\n\t\t\t\t\t\t<div class=\"elementor-container elementor-column-gap-default\">\n\t\t\t\t\t<div class=\"elementor-column elementor-col-100 elementor-top-column elementor-element elementor-element-e02d8a5\" data-id=\"e02d8a5\" data-element_type=\"column\">\n\t\t\t<div class=\"elementor-widget-wrap elementor-element-populated\">\n\t\t\t\t\t\t<div class=\"elementor-element elementor-element-f357909 elementor-widget elementor-widget-spacer\" data-id=\"f357909\" data-element_type=\"widget\" data-widget_type=\"spacer.default\">\n\t\t\t\t<div class=\"elementor-widget-container\">\n\t\t\t\t\t<div class=\"elementor-spacer\">\n\t\t\t<div class=\"elementor-spacer-inner\"><\/div>\n\t\t<\/div>\n\t\t\t\t<\/div>\n\t\t\t\t<\/div>\n\t\t\t\t\t<\/div>\n\t\t<\/div>\n\t\t\t\t\t<\/div>\n\t\t<\/section>\n\t\t\t\t<section class=\"elementor-section elementor-top-section elementor-element elementor-element-78ba706 elementor-section-height-min-height elementor-section-stretched elementor-section-boxed elementor-section-height-default elementor-section-items-middle\" data-id=\"78ba706\" data-element_type=\"section\" data-settings=\"{&quot;stretch_section&quot;:&quot;section-stretched&quot;,&quot;background_background&quot;:&quot;classic&quot;}\">\n\t\t\t\t\t\t<div class=\"elementor-container elementor-column-gap-default\">\n\t\t\t\t\t<div class=\"elementor-column elementor-col-100 elementor-top-column elementor-element elementor-element-eb21a6d\" data-id=\"eb21a6d\" data-element_type=\"column\">\n\t\t\t<div class=\"elementor-widget-wrap elementor-element-populated\">\n\t\t\t\t\t\t<div class=\"elementor-element elementor-element-8f20563 elementor-widget elementor-widget-heading\" data-id=\"8f20563\" data-element_type=\"widget\" data-widget_type=\"heading.default\">\n\t\t\t\t<div class=\"elementor-widget-container\">\n\t\t\t<h2 class=\"elementor-heading-title elementor-size-default\"><img decoding=\"async\" class=\"emoji\" alt=\"\ud83c\udfab\" src=\"https:\/\/s.w.org\/images\/core\/emoji\/14.0.0\/svg\/1f3ab.svg\"> Recitales y eventosRecitales y eventos<\/h2>\t\t<\/div>\n\t\t\t\t<\/div>\n\t\t\t\t\t<\/div>\n\t\t<\/div>\n\t\t\t\t\t<\/div>\n\t\t<\/section>\n\t\t\t\t<section class=\"elementor-section elementor-top-section elementor-element elementor-element-fe98c2d elementor-section-height-min-height elementor-section-boxed elementor-section-height-default elementor-section-items-middle\" data-id=\"fe98c2d\" data-element_type=\"section\">\n\t\t\t\t\t\t<div class=\"elementor-container elementor-column-gap-no\">\n\t\t\t\t\t<div class=\"elementor-column elementor-col-100 elementor-top-column elementor-element elementor-element-c26ed2d\" data-id=\"c26ed2d\" data-element_type=\"column\">\n\t\t\t<div class=\"elementor-widget-wrap elementor-element-populated\">\n\t\t\t\t\t\t<div class=\"elementor-element elementor-element-74dc90f elementor-grid-3 elementor-grid-tablet-2 elementor-grid-mobile-1 elementor-posts--thumbnail-top elementor-card-shadow-yes elementor-posts__hover-gradient elementor-widget elementor-widget-posts\" data-id=\"74dc90f\" data-element_type=\"widget\" data-settings=\"{&quot;cards_row_gap&quot;:{&quot;unit&quot;:&quot;px&quot;,&quot;size&quot;:10,&quot;sizes&quot;:[]},&quot;cards_columns&quot;:&quot;3&quot;,&quot;cards_columns_tablet&quot;:&quot;2&quot;,&quot;cards_columns_mobile&quot;:&quot;1&quot;,&quot;cards_row_gap_tablet&quot;:{&quot;unit&quot;:&quot;px&quot;,&quot;size&quot;:&quot;&quot;,&quot;sizes&quot;:[]},&quot;cards_row_gap_mobile&quot;:{&quot;unit&quot;:&quot;px&quot;,&quot;size&quot;:&quot;&quot;,&quot;sizes&quot;:[]}}\" data-widget_type=\"posts.cards\">\n\t\t\t\t<div class=\"elementor-widget-container\">\n\t\t\t\t\t<div class=\"elementor-posts-container elementor-posts elementor-posts--skin-cards elementor-grid\">\n\t\t\t\t<article class=\"elementor-post elementor-grid-item post-4117 post type-post status-publish format-standard has-post-thumbnail hentry category-recitales category-turismo\">\n\t\t\t<div class=\"elementor-post__card\">\n\t\t\t\t<a class=\"elementor-post__thumbnail__link\" href=\"https:\/\/amebs.org.ar\/2020\/traslado-recital-de-lali-esposito-en-river-6-y-7-de-junio\/\" tabindex=\"-1\" ><div class=\"elementor-post__thumbnail\"><img fetchpriority=\"high\" decoding=\"async\" width=\"790\" height=\"528\" src=\"https:\/\/amebs.org.ar\/2020\/wp-content\/uploads\/2026\/03\/lali-esposito.webp\" class=\"attachment-full size-full wp-image-4118\" alt=\"\" srcset=\"https:\/\/amebs.org.ar\/2020\/wp-content\/uploads\/2026\/03\/lali-esposito.webp 790w, https:\/\/amebs.org.ar\/2020\/wp-content\/uploads\/2026\/03\/lali-esposito-300x201.webp 300w, https:\/\/amebs.org.ar\/2020\/wp-content\/uploads\/2026\/03\/lali-esposito-768x513.webp 768w, https:\/\/amebs.org.ar\/2020\/wp-content\/uploads\/2026\/03\/lali-esposito-600x401.webp 600w\" sizes=\"(max-width: 790px) 100vw, 790px\" \/><\/div><\/a>\n\t\t\t\t<div class=\"elementor-post__text\">\n\t\t\t\t<h3 class=\"elementor-post__title\">\n\t\t\t<a href=\"https:\/\/amebs.org.ar\/2020\/traslado-recital-de-lali-esposito-en-river-6-y-7-de-junio\/\" >\n\t\t\t\tTraslado recital de Lali Esp\u00f3sito en River &#8211; 6 y 7 de Junio\t\t\t<\/a>\n\t\t<\/h3>\n\t\t\n\t\t<a class=\"elementor-post__read-more\" href=\"https:\/\/amebs.org.ar\/2020\/traslado-recital-de-lali-esposito-en-river-6-y-7-de-junio\/\" aria-label=\"M\u00e1s informaci\u00f3n sobre Traslado recital de Lali Esp\u00f3sito en River &#8211; 6 y 7 de Junio\" tabindex=\"-1\" >\n\t\t\tLeer m\u00e1s \u00bb\t\t<\/a>\n\n\t\t\t\t<\/div>\n\t\t\t\t\t<\/div>\n\t\t<\/article>\n\t\t\t\t<article class=\"elementor-post elementor-grid-item post-4111 post type-post status-publish format-standard has-post-thumbnail hentry category-recitales category-turismo\">\n\t\t\t<div class=\"elementor-post__card\">\n\t\t\t\t<a class=\"elementor-post__thumbnail__link\" href=\"https:\/\/amebs.org.ar\/2020\/entrada-recital-ricky-martin-campo-argentino-de-polo-18-de-abril\/\" tabindex=\"-1\" ><div class=\"elementor-post__thumbnail\"><img decoding=\"async\" width=\"1200\" height=\"805\" src=\"https:\/\/amebs.org.ar\/2020\/wp-content\/uploads\/2026\/03\/ricky-martin.jpg\" class=\"attachment-full size-full wp-image-4112\" alt=\"\" srcset=\"https:\/\/amebs.org.ar\/2020\/wp-content\/uploads\/2026\/03\/ricky-martin.jpg 1200w, https:\/\/amebs.org.ar\/2020\/wp-content\/uploads\/2026\/03\/ricky-martin-300x201.jpg 300w, https:\/\/amebs.org.ar\/2020\/wp-content\/uploads\/2026\/03\/ricky-martin-1024x687.jpg 1024w, https:\/\/amebs.org.ar\/2020\/wp-content\/uploads\/2026\/03\/ricky-martin-768x515.jpg 768w, https:\/\/amebs.org.ar\/2020\/wp-content\/uploads\/2026\/03\/ricky-martin-600x403.jpg 600w\" sizes=\"(max-width: 1200px) 100vw, 1200px\" \/><\/div><\/a>\n\t\t\t\t<div class=\"elementor-post__text\">\n\t\t\t\t<h3 class=\"elementor-post__title\">\n\t\t\t<a href=\"https:\/\/amebs.org.ar\/2020\/entrada-recital-ricky-martin-campo-argentino-de-polo-18-de-abril\/\" >\n\t\t\t\tEntrada recital Ricky Martin &#8211; Campo Argentino de Polo &#8211; 18 de abril\t\t\t<\/a>\n\t\t<\/h3>\n\t\t\n\t\t<a class=\"elementor-post__read-more\" href=\"https:\/\/amebs.org.ar\/2020\/entrada-recital-ricky-martin-campo-argentino-de-polo-18-de-abril\/\" aria-label=\"M\u00e1s informaci\u00f3n sobre Entrada recital Ricky Martin &#8211; Campo Argentino de Polo &#8211; 18 de abril\" tabindex=\"-1\" >\n\t\t\tLeer m\u00e1s \u00bb\t\t<\/a>\n\n\t\t\t\t<\/div>\n\t\t\t\t\t<\/div>\n\t\t<\/article>\n\t\t\t\t<article class=\"elementor-post elementor-grid-item post-4101 post type-post status-publish format-standard has-post-thumbnail hentry category-recitales category-turismo\">\n\t\t\t<div class=\"elementor-post__card\">\n\t\t\t\t<a class=\"elementor-post__thumbnail__link\" href=\"https:\/\/amebs.org.ar\/2020\/traslado-a-recital-de-chayanne\/\" tabindex=\"-1\" ><div class=\"elementor-post__thumbnail\"><img decoding=\"async\" width=\"610\" height=\"457\" src=\"https:\/\/amebs.org.ar\/2020\/wp-content\/uploads\/2026\/03\/chayanne-velez-2026.webp\" class=\"attachment-full size-full wp-image-4102\" alt=\"\" srcset=\"https:\/\/amebs.org.ar\/2020\/wp-content\/uploads\/2026\/03\/chayanne-velez-2026.webp 610w, https:\/\/amebs.org.ar\/2020\/wp-content\/uploads\/2026\/03\/chayanne-velez-2026-300x225.webp 300w, https:\/\/amebs.org.ar\/2020\/wp-content\/uploads\/2026\/03\/chayanne-velez-2026-600x450.webp 600w\" sizes=\"(max-width: 610px) 100vw, 610px\" \/><\/div><\/a>\n\t\t\t\t<div class=\"elementor-post__text\">\n\t\t\t\t<h3 class=\"elementor-post__title\">\n\t\t\t<a href=\"https:\/\/amebs.org.ar\/2020\/traslado-a-recital-de-chayanne\/\" >\n\t\t\t\tTraslado a recital de Chayanne &#8211; Movistar Arena &#8211; 13 de marzo\t\t\t<\/a>\n\t\t<\/h3>\n\t\t\n\t\t<a class=\"elementor-post__read-more\" href=\"https:\/\/amebs.org.ar\/2020\/traslado-a-recital-de-chayanne\/\" aria-label=\"M\u00e1s informaci\u00f3n sobre Traslado a recital de Chayanne &#8211; Movistar Arena &#8211; 13 de marzo\" tabindex=\"-1\" >\n\t\t\tLeer m\u00e1s \u00bb\t\t<\/a>\n\n\t\t\t\t<\/div>\n\t\t\t\t\t<\/div>\n\t\t<\/article>\n\t\t\t\t<\/div>\n\t\t\n\t\t\t\t<\/div>\n\t\t\t\t<\/div>\n\t\t\t\t<div class=\"elementor-element elementor-element-b714acd elementor-widget-divider--view-line elementor-widget elementor-widget-divider\" data-id=\"b714acd\" data-element_type=\"widget\" data-widget_type=\"divider.default\">\n\t\t\t\t<div class=\"elementor-widget-container\">\n\t\t\t\t\t<div class=\"elementor-divider\">\n\t\t\t<span class=\"elementor-divider-separator\">\n\t\t\t\t\t\t<\/span>\n\t\t<\/div>\n\t\t\t\t<\/div>\n\t\t\t\t<\/div>\n\t\t\t\t\t<\/div>\n\t\t<\/div>\n\t\t\t\t\t<\/div>\n\t\t<\/section>\n\t\t\t\t<section class=\"elementor-section elementor-top-section elementor-element elementor-element-e5888e5 elementor-section-height-min-height elementor-section-stretched elementor-section-boxed elementor-section-height-default elementor-section-items-middle\" data-id=\"e5888e5\" data-element_type=\"section\" data-settings=\"{&quot;stretch_section&quot;:&quot;section-stretched&quot;,&quot;background_background&quot;:&quot;classic&quot;}\">\n\t\t\t\t\t\t<div class=\"elementor-container elementor-column-gap-default\">\n\t\t\t\t\t<div class=\"elementor-column elementor-col-100 elementor-top-column elementor-element elementor-element-7120357\" data-id=\"7120357\" data-element_type=\"column\">\n\t\t\t<div class=\"elementor-widget-wrap elementor-element-populated\">\n\t\t\t\t\t\t<div class=\"elementor-element elementor-element-239e02c elementor-widget elementor-widget-heading\" data-id=\"239e02c\" data-element_type=\"widget\" data-widget_type=\"heading.default\">\n\t\t\t\t<div class=\"elementor-widget-container\">\n\t\t\t<h2 class=\"elementor-heading-title elementor-size-default\"><img decoding=\"async\" draggable=\"false\" role=\"img\" class=\"emoji\" alt=\"\ud83d\ude8d\" src=\"https:\/\/s.w.org\/images\/core\/emoji\/14.0.0\/svg\/1f68d.svg\"> Salidas grupales <\/h2>\t\t<\/div>\n\t\t\t\t<\/div>\n\t\t\t\t\t<\/div>\n\t\t<\/div>\n\t\t\t\t\t<\/div>\n\t\t<\/section>\n\t\t\t\t<section class=\"elementor-section elementor-top-section elementor-element elementor-element-6d4ee12 elementor-section-height-min-height elementor-section-boxed elementor-section-height-default elementor-section-items-middle\" data-id=\"6d4ee12\" data-element_type=\"section\">\n\t\t\t\t\t\t<div class=\"elementor-container elementor-column-gap-no\">\n\t\t\t\t\t<div class=\"elementor-column elementor-col-100 elementor-top-column elementor-element elementor-element-8a32832\" data-id=\"8a32832\" data-element_type=\"column\">\n\t\t\t<div class=\"elementor-widget-wrap elementor-element-populated\">\n\t\t\t\t\t\t<div class=\"elementor-element elementor-element-0dfd726 elementor-grid-2 elementor-grid-tablet-2 elementor-grid-mobile-1 elementor-posts--thumbnail-top elementor-card-shadow-yes elementor-posts__hover-gradient elementor-widget elementor-widget-posts\" data-id=\"0dfd726\" data-element_type=\"widget\" data-settings=\"{&quot;cards_columns&quot;:&quot;2&quot;,&quot;cards_row_gap&quot;:{&quot;unit&quot;:&quot;px&quot;,&quot;size&quot;:10,&quot;sizes&quot;:[]},&quot;cards_columns_tablet&quot;:&quot;2&quot;,&quot;cards_columns_mobile&quot;:&quot;1&quot;,&quot;cards_row_gap_tablet&quot;:{&quot;unit&quot;:&quot;px&quot;,&quot;size&quot;:&quot;&quot;,&quot;sizes&quot;:[]},&quot;cards_row_gap_mobile&quot;:{&quot;unit&quot;:&quot;px&quot;,&quot;size&quot;:&quot;&quot;,&quot;sizes&quot;:[]}}\" data-widget_type=\"posts.cards\">\n\t\t\t\t<div class=\"elementor-widget-container\">\n\t\t\t\t\t<div class=\"elementor-posts-container elementor-posts elementor-posts--skin-cards elementor-grid\">\n\t\t\t\t<article class=\"elementor-post elementor-grid-item post-3993 post type-post status-publish format-standard has-post-thumbnail hentry category-salidas-grupales category-turismo\">\n\t\t\t<div class=\"elementor-post__card\">\n\t\t\t\t<a class=\"elementor-post__thumbnail__link\" href=\"https:\/\/amebs.org.ar\/2020\/salidas-grupales-verano-26-bus\/\" tabindex=\"-1\" ><div class=\"elementor-post__thumbnail\"><img loading=\"lazy\" decoding=\"async\" width=\"2500\" height=\"1246\" src=\"https:\/\/amebs.org.ar\/2020\/wp-content\/uploads\/2025\/10\/Otono-Grupales-LaPlata26-portada.png\" class=\"attachment-full size-full wp-image-4137\" alt=\"\" srcset=\"https:\/\/amebs.org.ar\/2020\/wp-content\/uploads\/2025\/10\/Otono-Grupales-LaPlata26-portada.png 2500w, https:\/\/amebs.org.ar\/2020\/wp-content\/uploads\/2025\/10\/Otono-Grupales-LaPlata26-portada-300x150.png 300w, https:\/\/amebs.org.ar\/2020\/wp-content\/uploads\/2025\/10\/Otono-Grupales-LaPlata26-portada-1024x510.png 1024w, https:\/\/amebs.org.ar\/2020\/wp-content\/uploads\/2025\/10\/Otono-Grupales-LaPlata26-portada-768x383.png 768w, https:\/\/amebs.org.ar\/2020\/wp-content\/uploads\/2025\/10\/Otono-Grupales-LaPlata26-portada-1536x766.png 1536w, https:\/\/amebs.org.ar\/2020\/wp-content\/uploads\/2025\/10\/Otono-Grupales-LaPlata26-portada-2048x1021.png 2048w, https:\/\/amebs.org.ar\/2020\/wp-content\/uploads\/2025\/10\/Otono-Grupales-LaPlata26-portada-600x299.png 600w\" sizes=\"(max-width: 2500px) 100vw, 2500px\" \/><\/div><\/a>\n\t\t\t\t<div class=\"elementor-post__text\">\n\t\t\t\t<h3 class=\"elementor-post__title\">\n\t\t\t<a href=\"https:\/\/amebs.org.ar\/2020\/salidas-grupales-verano-26-bus\/\" >\n\t\t\t\tSalidas Grupales OTO\u00d1O 26 &#8211; Bus\t\t\t<\/a>\n\t\t<\/h3>\n\t\t\n\t\t<a class=\"elementor-post__read-more\" href=\"https:\/\/amebs.org.ar\/2020\/salidas-grupales-verano-26-bus\/\" aria-label=\"M\u00e1s informaci\u00f3n sobre Salidas Grupales OTO\u00d1O 26 &#8211; Bus\" tabindex=\"-1\" >\n\t\t\tLeer m\u00e1s \u00bb\t\t<\/a>\n\n\t\t\t\t<\/div>\n\t\t\t\t\t<\/div>\n\t\t<\/article>\n\t\t\t\t<\/div>\n\t\t\n\t\t\t\t<\/div>\n\t\t\t\t<\/div>\n\t\t\t\t<div class=\"elementor-element elementor-element-9921b62 elementor-widget-divider--view-line elementor-widget elementor-widget-divider\" data-id=\"9921b62\" data-element_type=\"widget\" data-widget_type=\"divider.default\">\n\t\t\t\t<div class=\"elementor-widget-container\">\n\t\t\t\t\t<div class=\"elementor-divider\">\n\t\t\t<span class=\"elementor-divider-separator\">\n\t\t\t\t\t\t<\/span>\n\t\t<\/div>\n\t\t\t\t<\/div>\n\t\t\t\t<\/div>\n\t\t\t\t\t<\/div>\n\t\t<\/div>\n\t\t\t\t\t<\/div>\n\t\t<\/section>\n\t\t\t\t<section class=\"elementor-section elementor-top-section elementor-element elementor-element-395691b elementor-section-height-min-height elementor-section-stretched elementor-section-boxed elementor-section-height-default elementor-section-items-middle\" data-id=\"395691b\" data-element_type=\"section\" data-settings=\"{&quot;stretch_section&quot;:&quot;section-stretched&quot;,&quot;background_background&quot;:&quot;classic&quot;}\">\n\t\t\t\t\t\t<div class=\"elementor-container elementor-column-gap-default\">\n\t\t\t\t\t<div class=\"elementor-column elementor-col-100 elementor-top-column elementor-element elementor-element-e6ca199\" data-id=\"e6ca199\" data-element_type=\"column\">\n\t\t\t<div class=\"elementor-widget-wrap elementor-element-populated\">\n\t\t\t\t\t\t<div class=\"elementor-element elementor-element-caee902 elementor-widget elementor-widget-heading\" data-id=\"caee902\" data-element_type=\"widget\" data-widget_type=\"heading.default\">\n\t\t\t\t<div class=\"elementor-widget-container\">\n\t\t\t<h2 class=\"elementor-heading-title elementor-size-default\"><img decoding=\"async\" draggable=\"false\" role=\"img\" class=\"emoji\" alt=\"\ud83c\udfe8\" src=\"https:\/\/s.w.org\/images\/core\/emoji\/14.0.0\/svg\/1f3e8.svg\"> Hoteles y estad\u00edas Marzo 2026<\/h2>\t\t<\/div>\n\t\t\t\t<\/div>\n\t\t\t\t\t<\/div>\n\t\t<\/div>\n\t\t\t\t\t<\/div>\n\t\t<\/section>\n\t\t\t\t<section class=\"elementor-section elementor-top-section elementor-element elementor-element-37d0681 elementor-section-boxed elementor-section-height-default elementor-section-height-default\" data-id=\"37d0681\" data-element_type=\"section\">\n\t\t\t\t\t\t<div class=\"elementor-container elementor-column-gap-default\">\n\t\t\t\t\t<div class=\"elementor-column elementor-col-100 elementor-top-column elementor-element elementor-element-d6013ce\" data-id=\"d6013ce\" data-element_type=\"column\">\n\t\t\t<div class=\"elementor-widget-wrap elementor-element-populated\">\n\t\t\t\t\t\t<div class=\"elementor-element elementor-element-c70026d elementor-grid-4 elementor-grid-tablet-2 elementor-grid-mobile-1 elementor-posts--thumbnail-top elementor-card-shadow-yes elementor-posts__hover-gradient elementor-widget elementor-widget-posts\" data-id=\"c70026d\" data-element_type=\"widget\" data-settings=\"{&quot;cards_columns&quot;:&quot;4&quot;,&quot;cards_masonry&quot;:&quot;yes&quot;,&quot;cards_row_gap&quot;:{&quot;unit&quot;:&quot;px&quot;,&quot;size&quot;:12,&quot;sizes&quot;:[]},&quot;cards_columns_tablet&quot;:&quot;2&quot;,&quot;cards_columns_mobile&quot;:&quot;1&quot;,&quot;cards_row_gap_tablet&quot;:{&quot;unit&quot;:&quot;px&quot;,&quot;size&quot;:&quot;&quot;,&quot;sizes&quot;:[]},&quot;cards_row_gap_mobile&quot;:{&quot;unit&quot;:&quot;px&quot;,&quot;size&quot;:&quot;&quot;,&quot;sizes&quot;:[]}}\" data-widget_type=\"posts.cards\">\n\t\t\t\t<div class=\"elementor-widget-container\">\n\t\t\t\t\t<div class=\"elementor-posts-container elementor-posts elementor-posts--skin-cards elementor-grid\">\n\t\t\t\t<article class=\"elementor-post elementor-grid-item post-3890 post type-post status-publish format-standard has-post-thumbnail hentry category-hoteles-y-estadias category-turismo\">\n\t\t\t<div class=\"elementor-post__card\">\n\t\t\t\t<a class=\"elementor-post__thumbnail__link\" href=\"https:\/\/amebs.org.ar\/2020\/villa-general-belgrano\/\" tabindex=\"-1\" ><div class=\"elementor-post__thumbnail\"><img loading=\"lazy\" decoding=\"async\" width=\"300\" height=\"300\" src=\"https:\/\/amebs.org.ar\/2020\/wp-content\/uploads\/2025\/04\/generalbelgrano-300x300.jpg\" class=\"attachment-woocommerce_thumbnail size-woocommerce_thumbnail wp-image-3891\" alt=\"\" srcset=\"https:\/\/amebs.org.ar\/2020\/wp-content\/uploads\/2025\/04\/generalbelgrano-300x300.jpg 300w, https:\/\/amebs.org.ar\/2020\/wp-content\/uploads\/2025\/04\/generalbelgrano-150x150.jpg 150w, https:\/\/amebs.org.ar\/2020\/wp-content\/uploads\/2025\/04\/generalbelgrano-100x100.jpg 100w\" sizes=\"(max-width: 300px) 100vw, 300px\" \/><\/div><\/a>\n\t\t\t\t<div class=\"elementor-post__badge\">Hoteles y estad\u00edas<\/div>\n\t\t\t\t<div class=\"elementor-post__text\">\n\t\t\t\t<h3 class=\"elementor-post__title\">\n\t\t\t<a href=\"https:\/\/amebs.org.ar\/2020\/villa-general-belgrano\/\" >\n\t\t\t\tVilla General Belgrano\t\t\t<\/a>\n\t\t<\/h3>\n\t\t\n\t\t<a class=\"elementor-post__read-more\" href=\"https:\/\/amebs.org.ar\/2020\/villa-general-belgrano\/\" aria-label=\"M\u00e1s informaci\u00f3n sobre Villa General Belgrano\" tabindex=\"-1\" >\n\t\t\tLeer M\u00e1s \u00bb\t\t<\/a>\n\n\t\t\t\t<\/div>\n\t\t\t\t\t<\/div>\n\t\t<\/article>\n\t\t\t\t<article class=\"elementor-post elementor-grid-item post-3736 post type-post status-publish format-standard has-post-thumbnail hentry category-hoteles-y-estadias\">\n\t\t\t<div class=\"elementor-post__card\">\n\t\t\t\t<a class=\"elementor-post__thumbnail__link\" href=\"https:\/\/amebs.org.ar\/2020\/san-rafael-2\/\" tabindex=\"-1\" ><div class=\"elementor-post__thumbnail\"><img loading=\"lazy\" decoding=\"async\" width=\"300\" height=\"300\" src=\"https:\/\/amebs.org.ar\/2020\/wp-content\/uploads\/2022\/05\/SanRafael2-300x300.jpg\" class=\"attachment-woocommerce_thumbnail size-woocommerce_thumbnail wp-image-2486\" alt=\"\" srcset=\"https:\/\/amebs.org.ar\/2020\/wp-content\/uploads\/2022\/05\/SanRafael2-300x300.jpg 300w, https:\/\/amebs.org.ar\/2020\/wp-content\/uploads\/2022\/05\/SanRafael2-150x150.jpg 150w, https:\/\/amebs.org.ar\/2020\/wp-content\/uploads\/2022\/05\/SanRafael2-100x100.jpg 100w\" sizes=\"(max-width: 300px) 100vw, 300px\" \/><\/div><\/a>\n\t\t\t\t<div class=\"elementor-post__badge\">Hoteles y estad\u00edas<\/div>\n\t\t\t\t<div class=\"elementor-post__text\">\n\t\t\t\t<h3 class=\"elementor-post__title\">\n\t\t\t<a href=\"https:\/\/amebs.org.ar\/2020\/san-rafael-2\/\" >\n\t\t\t\tSan Rafael\t\t\t<\/a>\n\t\t<\/h3>\n\t\t\n\t\t<a class=\"elementor-post__read-more\" href=\"https:\/\/amebs.org.ar\/2020\/san-rafael-2\/\" aria-label=\"M\u00e1s informaci\u00f3n sobre San Rafael\" tabindex=\"-1\" >\n\t\t\tLeer M\u00e1s \u00bb\t\t<\/a>\n\n\t\t\t\t<\/div>\n\t\t\t\t\t<\/div>\n\t\t<\/article>\n\t\t\t\t<article class=\"elementor-post elementor-grid-item post-2865 post type-post status-publish format-standard has-post-thumbnail hentry category-hoteles-y-estadias\">\n\t\t\t<div class=\"elementor-post__card\">\n\t\t\t\t<a class=\"elementor-post__thumbnail__link\" href=\"https:\/\/amebs.org.ar\/2020\/mina-clavero\/\" tabindex=\"-1\" ><div class=\"elementor-post__thumbnail\"><img loading=\"lazy\" decoding=\"async\" width=\"300\" height=\"300\" src=\"https:\/\/amebs.org.ar\/2020\/wp-content\/uploads\/2022\/11\/image-7-300x300.png\" class=\"attachment-woocommerce_thumbnail size-woocommerce_thumbnail wp-image-2866\" alt=\"\" srcset=\"https:\/\/amebs.org.ar\/2020\/wp-content\/uploads\/2022\/11\/image-7-300x300.png 300w, https:\/\/amebs.org.ar\/2020\/wp-content\/uploads\/2022\/11\/image-7-150x150.png 150w, https:\/\/amebs.org.ar\/2020\/wp-content\/uploads\/2022\/11\/image-7-100x100.png 100w\" sizes=\"(max-width: 300px) 100vw, 300px\" \/><\/div><\/a>\n\t\t\t\t<div class=\"elementor-post__badge\">Hoteles y estad\u00edas<\/div>\n\t\t\t\t<div class=\"elementor-post__text\">\n\t\t\t\t<h3 class=\"elementor-post__title\">\n\t\t\t<a href=\"https:\/\/amebs.org.ar\/2020\/mina-clavero\/\" >\n\t\t\t\tMina Clavero\t\t\t<\/a>\n\t\t<\/h3>\n\t\t\n\t\t<a class=\"elementor-post__read-more\" href=\"https:\/\/amebs.org.ar\/2020\/mina-clavero\/\" aria-label=\"M\u00e1s informaci\u00f3n sobre Mina Clavero\" tabindex=\"-1\" >\n\t\t\tLeer M\u00e1s \u00bb\t\t<\/a>\n\n\t\t\t\t<\/div>\n\t\t\t\t\t<\/div>\n\t\t<\/article>\n\t\t\t\t<article class=\"elementor-post elementor-grid-item post-2851 post type-post status-publish format-standard has-post-thumbnail hentry category-hoteles-y-estadias\">\n\t\t\t<div class=\"elementor-post__card\">\n\t\t\t\t<a class=\"elementor-post__thumbnail__link\" href=\"https:\/\/amebs.org.ar\/2020\/villa-gesell\/\" tabindex=\"-1\" ><div class=\"elementor-post__thumbnail\"><img loading=\"lazy\" decoding=\"async\" width=\"300\" height=\"300\" src=\"https:\/\/amebs.org.ar\/2020\/wp-content\/uploads\/2022\/11\/image-3-300x300.png\" class=\"attachment-woocommerce_thumbnail size-woocommerce_thumbnail wp-image-2852\" alt=\"\" srcset=\"https:\/\/amebs.org.ar\/2020\/wp-content\/uploads\/2022\/11\/image-3-300x300.png 300w, https:\/\/amebs.org.ar\/2020\/wp-content\/uploads\/2022\/11\/image-3-150x150.png 150w, https:\/\/amebs.org.ar\/2020\/wp-content\/uploads\/2022\/11\/image-3-100x100.png 100w\" sizes=\"(max-width: 300px) 100vw, 300px\" \/><\/div><\/a>\n\t\t\t\t<div class=\"elementor-post__badge\">Hoteles y estad\u00edas<\/div>\n\t\t\t\t<div class=\"elementor-post__text\">\n\t\t\t\t<h3 class=\"elementor-post__title\">\n\t\t\t<a href=\"https:\/\/amebs.org.ar\/2020\/villa-gesell\/\" >\n\t\t\t\tVilla Gesell\t\t\t<\/a>\n\t\t<\/h3>\n\t\t\n\t\t<a class=\"elementor-post__read-more\" href=\"https:\/\/amebs.org.ar\/2020\/villa-gesell\/\" aria-label=\"M\u00e1s informaci\u00f3n sobre Villa Gesell\" tabindex=\"-1\" >\n\t\t\tLeer M\u00e1s \u00bb\t\t<\/a>\n\n\t\t\t\t<\/div>\n\t\t\t\t\t<\/div>\n\t\t<\/article>\n\t\t\t\t<article class=\"elementor-post elementor-grid-item post-2846 post type-post status-publish format-standard has-post-thumbnail hentry category-hoteles-y-estadias\">\n\t\t\t<div class=\"elementor-post__card\">\n\t\t\t\t<a class=\"elementor-post__thumbnail__link\" href=\"https:\/\/amebs.org.ar\/2020\/san-clemente-3\/\" tabindex=\"-1\" ><div class=\"elementor-post__thumbnail\"><img loading=\"lazy\" decoding=\"async\" width=\"300\" height=\"300\" src=\"https:\/\/amebs.org.ar\/2020\/wp-content\/uploads\/2022\/11\/image-2-300x300.png\" class=\"attachment-woocommerce_thumbnail size-woocommerce_thumbnail wp-image-2847\" alt=\"\" srcset=\"https:\/\/amebs.org.ar\/2020\/wp-content\/uploads\/2022\/11\/image-2-300x300.png 300w, https:\/\/amebs.org.ar\/2020\/wp-content\/uploads\/2022\/11\/image-2-150x150.png 150w, https:\/\/amebs.org.ar\/2020\/wp-content\/uploads\/2022\/11\/image-2-100x100.png 100w\" sizes=\"(max-width: 300px) 100vw, 300px\" \/><\/div><\/a>\n\t\t\t\t<div class=\"elementor-post__badge\">Hoteles y estad\u00edas<\/div>\n\t\t\t\t<div class=\"elementor-post__text\">\n\t\t\t\t<h3 class=\"elementor-post__title\">\n\t\t\t<a href=\"https:\/\/amebs.org.ar\/2020\/san-clemente-3\/\" >\n\t\t\t\tSan Clemente\t\t\t<\/a>\n\t\t<\/h3>\n\t\t\n\t\t<a class=\"elementor-post__read-more\" href=\"https:\/\/amebs.org.ar\/2020\/san-clemente-3\/\" aria-label=\"M\u00e1s informaci\u00f3n sobre San Clemente\" tabindex=\"-1\" >\n\t\t\tLeer M\u00e1s \u00bb\t\t<\/a>\n\n\t\t\t\t<\/div>\n\t\t\t\t\t<\/div>\n\t\t<\/article>\n\t\t\t\t<article class=\"elementor-post elementor-grid-item post-2843 post type-post status-publish format-standard has-post-thumbnail hentry category-hoteles-y-estadias\">\n\t\t\t<div class=\"elementor-post__card\">\n\t\t\t\t<a class=\"elementor-post__thumbnail__link\" href=\"https:\/\/amebs.org.ar\/2020\/mar-de-ajo-2\/\" tabindex=\"-1\" ><div class=\"elementor-post__thumbnail\"><img loading=\"lazy\" decoding=\"async\" width=\"300\" height=\"300\" src=\"https:\/\/amebs.org.ar\/2020\/wp-content\/uploads\/2022\/11\/image-1-300x300.png\" class=\"attachment-woocommerce_thumbnail size-woocommerce_thumbnail wp-image-2844\" alt=\"\" srcset=\"https:\/\/amebs.org.ar\/2020\/wp-content\/uploads\/2022\/11\/image-1-300x300.png 300w, https:\/\/amebs.org.ar\/2020\/wp-content\/uploads\/2022\/11\/image-1-150x150.png 150w, https:\/\/amebs.org.ar\/2020\/wp-content\/uploads\/2022\/11\/image-1-100x100.png 100w\" sizes=\"(max-width: 300px) 100vw, 300px\" \/><\/div><\/a>\n\t\t\t\t<div class=\"elementor-post__badge\">Hoteles y estad\u00edas<\/div>\n\t\t\t\t<div class=\"elementor-post__text\">\n\t\t\t\t<h3 class=\"elementor-post__title\">\n\t\t\t<a href=\"https:\/\/amebs.org.ar\/2020\/mar-de-ajo-2\/\" >\n\t\t\t\tMar de Aj\u00f3\t\t\t<\/a>\n\t\t<\/h3>\n\t\t\n\t\t<a class=\"elementor-post__read-more\" href=\"https:\/\/amebs.org.ar\/2020\/mar-de-ajo-2\/\" aria-label=\"M\u00e1s informaci\u00f3n sobre Mar de Aj\u00f3\" tabindex=\"-1\" >\n\t\t\tLeer M\u00e1s \u00bb\t\t<\/a>\n\n\t\t\t\t<\/div>\n\t\t\t\t\t<\/div>\n\t\t<\/article>\n\t\t\t\t<article class=\"elementor-post elementor-grid-item post-2840 post type-post status-publish format-standard has-post-thumbnail hentry category-hoteles-y-estadias\">\n\t\t\t<div class=\"elementor-post__card\">\n\t\t\t\t<a class=\"elementor-post__thumbnail__link\" href=\"https:\/\/amebs.org.ar\/2020\/santa-teresita\/\" tabindex=\"-1\" ><div class=\"elementor-post__thumbnail\"><img loading=\"lazy\" decoding=\"async\" width=\"300\" height=\"300\" src=\"https:\/\/amebs.org.ar\/2020\/wp-content\/uploads\/2022\/11\/image-300x300.png\" class=\"attachment-woocommerce_thumbnail size-woocommerce_thumbnail wp-image-2841\" alt=\"\" srcset=\"https:\/\/amebs.org.ar\/2020\/wp-content\/uploads\/2022\/11\/image-300x300.png 300w, https:\/\/amebs.org.ar\/2020\/wp-content\/uploads\/2022\/11\/image-150x150.png 150w, https:\/\/amebs.org.ar\/2020\/wp-content\/uploads\/2022\/11\/image-100x100.png 100w\" sizes=\"(max-width: 300px) 100vw, 300px\" \/><\/div><\/a>\n\t\t\t\t<div class=\"elementor-post__badge\">Hoteles y estad\u00edas<\/div>\n\t\t\t\t<div class=\"elementor-post__text\">\n\t\t\t\t<h3 class=\"elementor-post__title\">\n\t\t\t<a href=\"https:\/\/amebs.org.ar\/2020\/santa-teresita\/\" >\n\t\t\t\tSanta Teresita\t\t\t<\/a>\n\t\t<\/h3>\n\t\t\n\t\t<a class=\"elementor-post__read-more\" href=\"https:\/\/amebs.org.ar\/2020\/santa-teresita\/\" aria-label=\"M\u00e1s informaci\u00f3n sobre Santa Teresita\" tabindex=\"-1\" >\n\t\t\tLeer M\u00e1s \u00bb\t\t<\/a>\n\n\t\t\t\t<\/div>\n\t\t\t\t\t<\/div>\n\t\t<\/article>\n\t\t\t\t<article class=\"elementor-post elementor-grid-item post-2394 post type-post status-publish format-standard has-post-thumbnail hentry category-hoteles-y-estadias\">\n\t\t\t<div class=\"elementor-post__card\">\n\t\t\t\t<a class=\"elementor-post__thumbnail__link\" href=\"https:\/\/amebs.org.ar\/2020\/mendoza\/\" tabindex=\"-1\" ><div class=\"elementor-post__thumbnail\"><img loading=\"lazy\" decoding=\"async\" width=\"300\" height=\"300\" src=\"https:\/\/amebs.org.ar\/2020\/wp-content\/uploads\/2022\/05\/Mendoza2-300x300.jpg\" class=\"attachment-woocommerce_thumbnail size-woocommerce_thumbnail wp-image-2395\" alt=\"\" srcset=\"https:\/\/amebs.org.ar\/2020\/wp-content\/uploads\/2022\/05\/Mendoza2-300x300.jpg 300w, https:\/\/amebs.org.ar\/2020\/wp-content\/uploads\/2022\/05\/Mendoza2-150x150.jpg 150w, https:\/\/amebs.org.ar\/2020\/wp-content\/uploads\/2022\/05\/Mendoza2-100x100.jpg 100w\" sizes=\"(max-width: 300px) 100vw, 300px\" \/><\/div><\/a>\n\t\t\t\t<div class=\"elementor-post__badge\">Hoteles y estad\u00edas<\/div>\n\t\t\t\t<div class=\"elementor-post__text\">\n\t\t\t\t<h3 class=\"elementor-post__title\">\n\t\t\t<a href=\"https:\/\/amebs.org.ar\/2020\/mendoza\/\" >\n\t\t\t\tMendoza\t\t\t<\/a>\n\t\t<\/h3>\n\t\t\n\t\t<a class=\"elementor-post__read-more\" href=\"https:\/\/amebs.org.ar\/2020\/mendoza\/\" aria-label=\"M\u00e1s informaci\u00f3n sobre Mendoza\" tabindex=\"-1\" >\n\t\t\tLeer M\u00e1s \u00bb\t\t<\/a>\n\n\t\t\t\t<\/div>\n\t\t\t\t\t<\/div>\n\t\t<\/article>\n\t\t\t\t<article class=\"elementor-post elementor-grid-item post-2387 post type-post status-publish format-standard has-post-thumbnail hentry category-hoteles-y-estadias\">\n\t\t\t<div class=\"elementor-post__card\">\n\t\t\t\t<a class=\"elementor-post__thumbnail__link\" href=\"https:\/\/amebs.org.ar\/2020\/colon-entre-rios\/\" tabindex=\"-1\" ><div class=\"elementor-post__thumbnail\"><img loading=\"lazy\" decoding=\"async\" width=\"300\" height=\"300\" src=\"https:\/\/amebs.org.ar\/2020\/wp-content\/uploads\/2022\/05\/colon-entre-rios-300x300.jpg\" class=\"attachment-woocommerce_thumbnail size-woocommerce_thumbnail wp-image-2389\" alt=\"\" srcset=\"https:\/\/amebs.org.ar\/2020\/wp-content\/uploads\/2022\/05\/colon-entre-rios-300x300.jpg 300w, https:\/\/amebs.org.ar\/2020\/wp-content\/uploads\/2022\/05\/colon-entre-rios-150x150.jpg 150w, https:\/\/amebs.org.ar\/2020\/wp-content\/uploads\/2022\/05\/colon-entre-rios-100x100.jpg 100w\" sizes=\"(max-width: 300px) 100vw, 300px\" \/><\/div><\/a>\n\t\t\t\t<div class=\"elementor-post__badge\">Hoteles y estad\u00edas<\/div>\n\t\t\t\t<div class=\"elementor-post__text\">\n\t\t\t\t<h3 class=\"elementor-post__title\">\n\t\t\t<a href=\"https:\/\/amebs.org.ar\/2020\/colon-entre-rios\/\" >\n\t\t\t\tCol\u00f3n Entre R\u00edos\t\t\t<\/a>\n\t\t<\/h3>\n\t\t\n\t\t<a class=\"elementor-post__read-more\" href=\"https:\/\/amebs.org.ar\/2020\/colon-entre-rios\/\" aria-label=\"M\u00e1s informaci\u00f3n sobre Col\u00f3n Entre R\u00edos\" tabindex=\"-1\" >\n\t\t\tLeer M\u00e1s \u00bb\t\t<\/a>\n\n\t\t\t\t<\/div>\n\t\t\t\t\t<\/div>\n\t\t<\/article>\n\t\t\t\t<article class=\"elementor-post elementor-grid-item post-2378 post type-post status-publish format-standard has-post-thumbnail hentry category-hoteles-y-estadias\">\n\t\t\t<div class=\"elementor-post__card\">\n\t\t\t\t<a class=\"elementor-post__thumbnail__link\" href=\"https:\/\/amebs.org.ar\/2020\/puerto-madryn\/\" tabindex=\"-1\" ><div class=\"elementor-post__thumbnail\"><img loading=\"lazy\" decoding=\"async\" width=\"300\" height=\"300\" src=\"https:\/\/amebs.org.ar\/2020\/wp-content\/uploads\/2022\/05\/Madryn-300x300.jpg\" class=\"attachment-woocommerce_thumbnail size-woocommerce_thumbnail wp-image-2379\" alt=\"\" srcset=\"https:\/\/amebs.org.ar\/2020\/wp-content\/uploads\/2022\/05\/Madryn-300x300.jpg 300w, https:\/\/amebs.org.ar\/2020\/wp-content\/uploads\/2022\/05\/Madryn-150x150.jpg 150w, https:\/\/amebs.org.ar\/2020\/wp-content\/uploads\/2022\/05\/Madryn-100x100.jpg 100w\" sizes=\"(max-width: 300px) 100vw, 300px\" \/><\/div><\/a>\n\t\t\t\t<div class=\"elementor-post__badge\">Hoteles y estad\u00edas<\/div>\n\t\t\t\t<div class=\"elementor-post__text\">\n\t\t\t\t<h3 class=\"elementor-post__title\">\n\t\t\t<a href=\"https:\/\/amebs.org.ar\/2020\/puerto-madryn\/\" >\n\t\t\t\tPuerto Madryn\t\t\t<\/a>\n\t\t<\/h3>\n\t\t\n\t\t<a class=\"elementor-post__read-more\" href=\"https:\/\/amebs.org.ar\/2020\/puerto-madryn\/\" aria-label=\"M\u00e1s informaci\u00f3n sobre Puerto Madryn\" tabindex=\"-1\" >\n\t\t\tLeer M\u00e1s \u00bb\t\t<\/a>\n\n\t\t\t\t<\/div>\n\t\t\t\t\t<\/div>\n\t\t<\/article>\n\t\t\t\t<article class=\"elementor-post elementor-grid-item post-2375 post type-post status-publish format-standard has-post-thumbnail hentry category-hoteles-y-estadias\">\n\t\t\t<div class=\"elementor-post__card\">\n\t\t\t\t<a class=\"elementor-post__thumbnail__link\" href=\"https:\/\/amebs.org.ar\/2020\/bariloche-2\/\" tabindex=\"-1\" ><div class=\"elementor-post__thumbnail\"><img loading=\"lazy\" decoding=\"async\" width=\"300\" height=\"300\" src=\"https:\/\/amebs.org.ar\/2020\/wp-content\/uploads\/2022\/05\/Bariloche2_Mesa-de-trabajo-1-300x300.png\" class=\"attachment-woocommerce_thumbnail size-woocommerce_thumbnail wp-image-3857\" alt=\"\" srcset=\"https:\/\/amebs.org.ar\/2020\/wp-content\/uploads\/2022\/05\/Bariloche2_Mesa-de-trabajo-1-300x300.png 300w, https:\/\/amebs.org.ar\/2020\/wp-content\/uploads\/2022\/05\/Bariloche2_Mesa-de-trabajo-1-150x150.png 150w, https:\/\/amebs.org.ar\/2020\/wp-content\/uploads\/2022\/05\/Bariloche2_Mesa-de-trabajo-1-600x600.png 600w, https:\/\/amebs.org.ar\/2020\/wp-content\/uploads\/2022\/05\/Bariloche2_Mesa-de-trabajo-1-100x100.png 100w, https:\/\/amebs.org.ar\/2020\/wp-content\/uploads\/2022\/05\/Bariloche2_Mesa-de-trabajo-1.png 625w\" sizes=\"(max-width: 300px) 100vw, 300px\" \/><\/div><\/a>\n\t\t\t\t<div class=\"elementor-post__badge\">Hoteles y estad\u00edas<\/div>\n\t\t\t\t<div class=\"elementor-post__text\">\n\t\t\t\t<h3 class=\"elementor-post__title\">\n\t\t\t<a href=\"https:\/\/amebs.org.ar\/2020\/bariloche-2\/\" >\n\t\t\t\tBariloche\t\t\t<\/a>\n\t\t<\/h3>\n\t\t\n\t\t<a class=\"elementor-post__read-more\" href=\"https:\/\/amebs.org.ar\/2020\/bariloche-2\/\" aria-label=\"M\u00e1s informaci\u00f3n sobre Bariloche\" tabindex=\"-1\" >\n\t\t\tLeer M\u00e1s \u00bb\t\t<\/a>\n\n\t\t\t\t<\/div>\n\t\t\t\t\t<\/div>\n\t\t<\/article>\n\t\t\t\t<article class=\"elementor-post elementor-grid-item post-2369 post type-post status-publish format-standard has-post-thumbnail hentry category-hoteles-y-estadias\">\n\t\t\t<div class=\"elementor-post__card\">\n\t\t\t\t<a class=\"elementor-post__thumbnail__link\" href=\"https:\/\/amebs.org.ar\/2020\/iguazu\/\" tabindex=\"-1\" ><div class=\"elementor-post__thumbnail\"><img loading=\"lazy\" decoding=\"async\" width=\"300\" height=\"300\" src=\"https:\/\/amebs.org.ar\/2020\/wp-content\/uploads\/2022\/05\/visitar-cataratas-2-300x300.jpg\" class=\"attachment-woocommerce_thumbnail size-woocommerce_thumbnail wp-image-2370\" alt=\"\" srcset=\"https:\/\/amebs.org.ar\/2020\/wp-content\/uploads\/2022\/05\/visitar-cataratas-2-300x300.jpg 300w, https:\/\/amebs.org.ar\/2020\/wp-content\/uploads\/2022\/05\/visitar-cataratas-2-150x150.jpg 150w, https:\/\/amebs.org.ar\/2020\/wp-content\/uploads\/2022\/05\/visitar-cataratas-2-100x100.jpg 100w\" sizes=\"(max-width: 300px) 100vw, 300px\" \/><\/div><\/a>\n\t\t\t\t<div class=\"elementor-post__badge\">Hoteles y estad\u00edas<\/div>\n\t\t\t\t<div class=\"elementor-post__text\">\n\t\t\t\t<h3 class=\"elementor-post__title\">\n\t\t\t<a href=\"https:\/\/amebs.org.ar\/2020\/iguazu\/\" >\n\t\t\t\tIguaz\u00fa\t\t\t<\/a>\n\t\t<\/h3>\n\t\t\n\t\t<a class=\"elementor-post__read-more\" href=\"https:\/\/amebs.org.ar\/2020\/iguazu\/\" aria-label=\"M\u00e1s informaci\u00f3n sobre Iguaz\u00fa\" tabindex=\"-1\" >\n\t\t\tLeer M\u00e1s \u00bb\t\t<\/a>\n\n\t\t\t\t<\/div>\n\t\t\t\t\t<\/div>\n\t\t<\/article>\n\t\t\t\t<article class=\"elementor-post elementor-grid-item post-2363 post type-post status-publish format-standard has-post-thumbnail hentry category-hoteles-y-estadias\">\n\t\t\t<div class=\"elementor-post__card\">\n\t\t\t\t<a class=\"elementor-post__thumbnail__link\" href=\"https:\/\/amebs.org.ar\/2020\/salta-2\/\" tabindex=\"-1\" ><div class=\"elementor-post__thumbnail\"><img loading=\"lazy\" decoding=\"async\" width=\"300\" height=\"300\" src=\"https:\/\/amebs.org.ar\/2020\/wp-content\/uploads\/2022\/05\/Salta3-300x300.jpg\" class=\"attachment-woocommerce_thumbnail size-woocommerce_thumbnail wp-image-2364\" alt=\"\" srcset=\"https:\/\/amebs.org.ar\/2020\/wp-content\/uploads\/2022\/05\/Salta3-300x300.jpg 300w, https:\/\/amebs.org.ar\/2020\/wp-content\/uploads\/2022\/05\/Salta3-150x150.jpg 150w, https:\/\/amebs.org.ar\/2020\/wp-content\/uploads\/2022\/05\/Salta3-100x100.jpg 100w\" sizes=\"(max-width: 300px) 100vw, 300px\" \/><\/div><\/a>\n\t\t\t\t<div class=\"elementor-post__badge\">Hoteles y estad\u00edas<\/div>\n\t\t\t\t<div class=\"elementor-post__text\">\n\t\t\t\t<h3 class=\"elementor-post__title\">\n\t\t\t<a href=\"https:\/\/amebs.org.ar\/2020\/salta-2\/\" >\n\t\t\t\tSalta\t\t\t<\/a>\n\t\t<\/h3>\n\t\t\n\t\t<a class=\"elementor-post__read-more\" href=\"https:\/\/amebs.org.ar\/2020\/salta-2\/\" aria-label=\"M\u00e1s informaci\u00f3n sobre Salta\" tabindex=\"-1\" >\n\t\t\tLeer M\u00e1s \u00bb\t\t<\/a>\n\n\t\t\t\t<\/div>\n\t\t\t\t\t<\/div>\n\t\t<\/article>\n\t\t\t\t<article class=\"elementor-post elementor-grid-item post-2359 post type-post status-publish format-standard has-post-thumbnail hentry category-hoteles-y-estadias\">\n\t\t\t<div class=\"elementor-post__card\">\n\t\t\t\t<a class=\"elementor-post__thumbnail__link\" href=\"https:\/\/amebs.org.ar\/2020\/merlo-2\/\" tabindex=\"-1\" ><div class=\"elementor-post__thumbnail\"><img loading=\"lazy\" decoding=\"async\" width=\"300\" height=\"300\" src=\"https:\/\/amebs.org.ar\/2020\/wp-content\/uploads\/2022\/05\/PASOS-MALOS-300x300.jpg\" class=\"attachment-woocommerce_thumbnail size-woocommerce_thumbnail wp-image-3739\" alt=\"\" srcset=\"https:\/\/amebs.org.ar\/2020\/wp-content\/uploads\/2022\/05\/PASOS-MALOS-300x300.jpg 300w, https:\/\/amebs.org.ar\/2020\/wp-content\/uploads\/2022\/05\/PASOS-MALOS-150x150.jpg 150w, https:\/\/amebs.org.ar\/2020\/wp-content\/uploads\/2022\/05\/PASOS-MALOS-100x100.jpg 100w\" sizes=\"(max-width: 300px) 100vw, 300px\" \/><\/div><\/a>\n\t\t\t\t<div class=\"elementor-post__badge\">Hoteles y estad\u00edas<\/div>\n\t\t\t\t<div class=\"elementor-post__text\">\n\t\t\t\t<h3 class=\"elementor-post__title\">\n\t\t\t<a href=\"https:\/\/amebs.org.ar\/2020\/merlo-2\/\" >\n\t\t\t\tMerlo\t\t\t<\/a>\n\t\t<\/h3>\n\t\t\n\t\t<a class=\"elementor-post__read-more\" href=\"https:\/\/amebs.org.ar\/2020\/merlo-2\/\" aria-label=\"M\u00e1s informaci\u00f3n sobre Merlo\" tabindex=\"-1\" >\n\t\t\tLeer M\u00e1s \u00bb\t\t<\/a>\n\n\t\t\t\t<\/div>\n\t\t\t\t\t<\/div>\n\t\t<\/article>\n\t\t\t\t<article class=\"elementor-post elementor-grid-item post-2355 post type-post status-publish format-standard has-post-thumbnail hentry category-hoteles-y-estadias\">\n\t\t\t<div class=\"elementor-post__card\">\n\t\t\t\t<a class=\"elementor-post__thumbnail__link\" href=\"https:\/\/amebs.org.ar\/2020\/villa-carlos-paz-2\/\" tabindex=\"-1\" ><div class=\"elementor-post__thumbnail\"><img loading=\"lazy\" decoding=\"async\" width=\"300\" height=\"300\" src=\"https:\/\/amebs.org.ar\/2020\/wp-content\/uploads\/2022\/05\/carlos-paz2-300x300.jpg\" class=\"attachment-woocommerce_thumbnail size-woocommerce_thumbnail wp-image-2357\" alt=\"\" srcset=\"https:\/\/amebs.org.ar\/2020\/wp-content\/uploads\/2022\/05\/carlos-paz2-300x300.jpg 300w, https:\/\/amebs.org.ar\/2020\/wp-content\/uploads\/2022\/05\/carlos-paz2-150x150.jpg 150w, https:\/\/amebs.org.ar\/2020\/wp-content\/uploads\/2022\/05\/carlos-paz2-100x100.jpg 100w\" sizes=\"(max-width: 300px) 100vw, 300px\" \/><\/div><\/a>\n\t\t\t\t<div class=\"elementor-post__badge\">Hoteles y estad\u00edas<\/div>\n\t\t\t\t<div class=\"elementor-post__text\">\n\t\t\t\t<h3 class=\"elementor-post__title\">\n\t\t\t<a href=\"https:\/\/amebs.org.ar\/2020\/villa-carlos-paz-2\/\" >\n\t\t\t\tVilla Carlos Paz\t\t\t<\/a>\n\t\t<\/h3>\n\t\t\n\t\t<a class=\"elementor-post__read-more\" href=\"https:\/\/amebs.org.ar\/2020\/villa-carlos-paz-2\/\" aria-label=\"M\u00e1s informaci\u00f3n sobre Villa Carlos Paz\" tabindex=\"-1\" >\n\t\t\tLeer M\u00e1s \u00bb\t\t<\/a>\n\n\t\t\t\t<\/div>\n\t\t\t\t\t<\/div>\n\t\t<\/article>\n\t\t\t\t<article class=\"elementor-post elementor-grid-item post-2348 post type-post status-publish format-standard has-post-thumbnail hentry category-hoteles-y-estadias\">\n\t\t\t<div class=\"elementor-post__card\">\n\t\t\t\t<a class=\"elementor-post__thumbnail__link\" href=\"https:\/\/amebs.org.ar\/2020\/mar-del-plata\/\" tabindex=\"-1\" ><div class=\"elementor-post__thumbnail\"><img loading=\"lazy\" decoding=\"async\" width=\"300\" height=\"300\" src=\"https:\/\/amebs.org.ar\/2020\/wp-content\/uploads\/2022\/05\/mar-del-plata2-300x300.jpg\" class=\"attachment-woocommerce_thumbnail size-woocommerce_thumbnail wp-image-2349\" alt=\"\" srcset=\"https:\/\/amebs.org.ar\/2020\/wp-content\/uploads\/2022\/05\/mar-del-plata2-300x300.jpg 300w, https:\/\/amebs.org.ar\/2020\/wp-content\/uploads\/2022\/05\/mar-del-plata2-150x150.jpg 150w, https:\/\/amebs.org.ar\/2020\/wp-content\/uploads\/2022\/05\/mar-del-plata2-100x100.jpg 100w\" sizes=\"(max-width: 300px) 100vw, 300px\" \/><\/div><\/a>\n\t\t\t\t<div class=\"elementor-post__badge\">Hoteles y estad\u00edas<\/div>\n\t\t\t\t<div class=\"elementor-post__text\">\n\t\t\t\t<h3 class=\"elementor-post__title\">\n\t\t\t<a href=\"https:\/\/amebs.org.ar\/2020\/mar-del-plata\/\" >\n\t\t\t\tMar del Plata\t\t\t<\/a>\n\t\t<\/h3>\n\t\t\n\t\t<a class=\"elementor-post__read-more\" href=\"https:\/\/amebs.org.ar\/2020\/mar-del-plata\/\" aria-label=\"M\u00e1s informaci\u00f3n sobre Mar del Plata\" tabindex=\"-1\" >\n\t\t\tLeer M\u00e1s \u00bb\t\t<\/a>\n\n\t\t\t\t<\/div>\n\t\t\t\t\t<\/div>\n\t\t<\/article>\n\t\t\t\t<article class=\"elementor-post elementor-grid-item post-2284 post type-post status-publish format-standard has-post-thumbnail hentry category-hoteles-y-estadias\">\n\t\t\t<div class=\"elementor-post__card\">\n\t\t\t\t<a class=\"elementor-post__thumbnail__link\" href=\"https:\/\/amebs.org.ar\/2020\/la-falda\/\" tabindex=\"-1\" ><div class=\"elementor-post__thumbnail\"><img loading=\"lazy\" decoding=\"async\" width=\"300\" height=\"300\" src=\"https:\/\/amebs.org.ar\/2020\/wp-content\/uploads\/2022\/05\/la-falda-300x300.jpg\" class=\"attachment-woocommerce_thumbnail size-woocommerce_thumbnail wp-image-2285\" alt=\"\" srcset=\"https:\/\/amebs.org.ar\/2020\/wp-content\/uploads\/2022\/05\/la-falda-300x300.jpg 300w, https:\/\/amebs.org.ar\/2020\/wp-content\/uploads\/2022\/05\/la-falda-150x150.jpg 150w, https:\/\/amebs.org.ar\/2020\/wp-content\/uploads\/2022\/05\/la-falda-100x100.jpg 100w\" sizes=\"(max-width: 300px) 100vw, 300px\" \/><\/div><\/a>\n\t\t\t\t<div class=\"elementor-post__badge\">Hoteles y estad\u00edas<\/div>\n\t\t\t\t<div class=\"elementor-post__text\">\n\t\t\t\t<h3 class=\"elementor-post__title\">\n\t\t\t<a href=\"https:\/\/amebs.org.ar\/2020\/la-falda\/\" >\n\t\t\t\tLa Falda\t\t\t<\/a>\n\t\t<\/h3>\n\t\t\n\t\t<a class=\"elementor-post__read-more\" href=\"https:\/\/amebs.org.ar\/2020\/la-falda\/\" aria-label=\"M\u00e1s informaci\u00f3n sobre La Falda\" tabindex=\"-1\" >\n\t\t\tLeer M\u00e1s \u00bb\t\t<\/a>\n\n\t\t\t\t<\/div>\n\t\t\t\t\t<\/div>\n\t\t<\/article>\n\t\t\t\t<\/div>\n\t\t\n\t\t\t\t<\/div>\n\t\t\t\t<\/div>\n\t\t\t\t\t<\/div>\n\t\t<\/div>\n\t\t\t\t\t<\/div>\n\t\t<\/section>\n\t\t\t\t<section class=\"elementor-section elementor-top-section elementor-element elementor-element-e776e4d elementor-section-boxed elementor-section-height-default elementor-section-height-default\" data-id=\"e776e4d\" data-element_type=\"section\">\n\t\t\t\t\t\t<div class=\"elementor-container elementor-column-gap-default\">\n\t\t\t\t\t<div class=\"elementor-column elementor-col-100 elementor-top-column elementor-element elementor-element-6790687\" data-id=\"6790687\" data-element_type=\"column\">\n\t\t\t<div class=\"elementor-widget-wrap\">\n\t\t\t\t\t\t\t<\/div>\n\t\t<\/div>\n\t\t\t\t\t<\/div>\n\t\t<\/section>\n\t\t\t\t<section class=\"elementor-section elementor-top-section elementor-element elementor-element-5bf3775 elementor-section-full_width elementor-section-stretched elementor-section-height-default elementor-section-height-default\" data-id=\"5bf3775\" data-element_type=\"section\" data-settings=\"{&quot;stretch_section&quot;:&quot;section-stretched&quot;,&quot;background_background&quot;:&quot;classic&quot;}\">\n\t\t\t\t\t\t<div class=\"elementor-container elementor-column-gap-default\">\n\t\t\t\t\t<div class=\"elementor-column elementor-col-100 elementor-top-column elementor-element elementor-element-bd96cb1\" data-id=\"bd96cb1\" data-element_type=\"column\">\n\t\t\t<div class=\"elementor-widget-wrap elementor-element-populated\">\n\t\t\t\t\t\t<div class=\"elementor-element elementor-element-7bf7c86 elementor-widget elementor-widget-text-editor\" data-id=\"7bf7c86\" data-element_type=\"widget\" data-widget_type=\"text-editor.default\">\n\t\t\t\t<div class=\"elementor-widget-container\">\n\t\t\t\t\t\t\t<p><b>Contactos<\/b><\/p><p><span style=\"font-weight: 700;\">WhatsApp:+549 221 616 8495<\/span><b><br><\/b><\/p>\n<p><span>Tel\u00e9fono: (0221) 509-9000\/9014 int. 111-119<\/span><\/p><p>Email:&nbsp; turismo@amebs.org.ar<br><\/p><p>Calle : Av. 51, n\u00ba1129 \u2013 La Plata, Bs. As.<br><\/p><p><br><\/p><p>Ministerio de Turismo de la Nacion &#8211; Legajo no 11572 &#8211; Disp. No 0198\/03<\/p>\n<div><\/div>\t\t\t\t\t\t<\/div>\n\t\t\t\t<\/div>\n\t\t\t\t\t<\/div>\n\t\t<\/div>\n\t\t\t\t\t<\/div>\n\t\t<\/section>\n\t\t\t\t<\/div>\n\t\t","protected":false},"excerpt":{"rendered":"<p>Los mejores destinos, Salidas Grupales, Hoteler\u00eda, Paquetes a medida. y como siempre la mejor financiaci\u00f3n. \u00bfD\u00f3nde quer\u00e9s ir? Gestion\u00e1 tu cr\u00e9dito para Turismo aqu\u00ed Etiquetanos en tus viajes con AMEBS<\/p>\n","protected":false},"author":5,"featured_media":0,"parent":0,"menu_order":0,"comment_status":"closed","ping_status":"closed","template":"","meta":{"footnotes":""},"_links":{"self":[{"href":"https:\/\/amebs.org.ar\/2020\/wp-json\/wp\/v2\/pages\/2251"}],"collection":[{"href":"https:\/\/amebs.org.ar\/2020\/wp-json\/wp\/v2\/pages"}],"about":[{"href":"https:\/\/amebs.org.ar\/2020\/wp-json\/wp\/v2\/types\/page"}],"author":[{"embeddable":true,"href":"https:\/\/amebs.org.ar\/2020\/wp-json\/wp\/v2\/users\/5"}],"replies":[{"embeddable":true,"href":"https:\/\/amebs.org.ar\/2020\/wp-json\/wp\/v2\/comments?post=2251"}],"version-history":[{"count":227,"href":"https:\/\/amebs.org.ar\/2020\/wp-json\/wp\/v2\/pages\/2251\/revisions"}],"predecessor-version":[{"id":4175,"href":"https:\/\/amebs.org.ar\/2020\/wp-json\/wp\/v2\/pages\/2251\/revisions\/4175"}],"wp:attachment":[{"href":"https:\/\/amebs.org.ar\/2020\/wp-json\/wp\/v2\/media?parent=2251"}],"curies":[{"name":"wp","href":"https:\/\/api.w.org\/{rel}","templated":true}]}}